{"id":698,"date":"2012-01-23T18:37:08","date_gmt":"2012-01-23T17:37:08","guid":{"rendered":"http:\/\/www.karate-neuhofen.at\/?page_id=698"},"modified":"2026-01-08T12:38:11","modified_gmt":"2026-01-08T11:38:11","slug":"vertragsbedingungen-und-kosten","status":"publish","type":"page","link":"http:\/\/www.karate-neuhofen.at\/?page_id=698","title":{"rendered":"Vertragsbedingungen &#8211; Kosten"},"content":{"rendered":"<h1>Vertragsbedingungen<\/h1>\n<p>&nbsp;<\/p>\n<ol>\n<li>Der Antragsteller\/die Antragstellerin erkl\u00e4rt gesundheitlich und k\u00f6rperlich in der Lage zu sein, den von ihm\/ihr gew\u00e4hlten Sport auszu\u00fcben. Eine j\u00e4hrliche \u00e4rztliche Best\u00e4tigung ist erforderlich.&nbsp;Der ASK\u00d6 Karate Sei Bu Kan Neuhofen und die als Trainer beauftragten Personen \u00fcbernehmen&nbsp;f\u00fcr Verletzungen oder Gesundheitssch\u00e4den keinerlei Haftung.<\/li>\n<li>Der Antragsteller\/die Antragstellerin kann zu den von der Sektionsleitung festgelegten&nbsp;Trainingszeiten die R\u00e4ume und Einrichtungen des Karateclubs ben\u00fctzen. Vers\u00e4umt er\/sie den&nbsp;Unterricht ganz oder teilweise, so entbindet das nicht von der Zahlungsverpflichtung gegen\u00fcber&nbsp;dem Karateclub. \u00c4nderungen der Trainingszeiten bleiben dem Karateclub vorbehalten, werden&nbsp;aber im Rahmen des Trainings oder mittels schriftlicher Mitteilung dem Antragsteller \/ der&nbsp;Antragstellerin bekannt gegeben.<\/li>\n<li>Im Falle von Betriebsunterbrechungen seitens des Karateclubs von h\u00f6chstens f\u00fcnf Wochen im&nbsp;Jahr, infolge von Ferien, Reparaturen oder Reinigung, hat der Antragsteller\/die Antragstellerin&nbsp;keinen Anspruch auf R\u00fcckverg\u00fctung, da dies bereits in der Preiskalkulation zu seinen\/ihren&nbsp;Gunsten enthalten ist.<\/li>\n<li>Der Mitgliedsbeitrag ist ab Vertragsabschluss f\u00e4llig und wird seitens des Karateclubs mittels&nbsp;Einzugserm\u00e4chtigung vom Konto des Antragstellers\/der Antragstellerin abgebucht oder per&nbsp;Zahlschein vom\/von Antragsteller\/ Antragstellerin bezahlt. Im Falle des Zahlungsverzuges \u2013&nbsp;nach erfolgloser Mahnung und Setzung einer 14-t\u00e4gigen Nachfrist \u2013 ist die Vereinsleitung&nbsp;berechtigt Zinsen in der jeweiligen gesetzlichen H\u00f6he und die Kosten der Einmahnung dem&nbsp;Antragsteller\/der Antragstellerin anzulasten. Nach Abschluss des Anf\u00e4ngerkurses wird, sofern&nbsp;keine andere Vereinbarung (6 Monate), der Mitgliedsbeitrag f\u00fcr 12 Monate abgebucht.<\/li>\n<li>Die Zahlungsbedingung besteht unabh\u00e4ngig von der tats\u00e4chlichen Inanspruchnahme des&nbsp;Unterrichts. Beitrags- und Geb\u00fchren\u00e4nderungen bleiben dem Karateclub vorbehalten.<\/li>\n<li>Der gegenst\u00e4ndliche Vertrag kann vom Teilnehmer\/Teilnehmerin jeweils vier Wochen vor Ablauf&nbsp;der neuen Vertragspflicht ohne Angaben von Gr\u00fcnden gek\u00fcndigt werden. Erfolgt keine&nbsp;K\u00fcndigung verl\u00e4ngert sich der Vertrag automatisch. Die K\u00fcndigung hat mittels eingeschriebenen&nbsp;Briefs an die Sektionsleitung zu erfolgen. F\u00fcr die Rechtzeitigkeit ist das Datum des Poststempels&nbsp;auschlaggebend.<\/li>\n<li>Grob ungeb\u00fchrliches oder unsittliches Verhalten berechtigt den Karateclub zum sofortigen&nbsp;Vertragsr\u00fccktritt, wobei in diesem Fall der bezahlte Mitgliedsbeitrag zur G\u00e4nze verf\u00e4llt.<\/li>\n<li>F\u00fcr materielle Sch\u00e4den im Zusammenhang der Einrichtung oder dem gebotenen Training, sowie&nbsp;abhanden gekommene Gegenst\u00e4nde, Wertsachen oder Kleidungsst\u00fccke wird nicht gehaftet.&nbsp;Vom Antragsteller\/Antragstellerin vors\u00e4tzlich oder fahrl\u00e4ssig verursachte Sch\u00e4den hat&nbsp;dieser\/diese zu ersetzen.<\/li>\n<li>Bei Minderj\u00e4hrigen ist die Unterschrift des\/der gesetzlichen Vertreters\/Vert9. Bei Minderj\u00e4hrigen ist die Unterschrift des\/der gesetzlichen Vertreters\/Vertreterin oder&nbsp;Erziehungsberechtigten erforderlich. Die Aufsichtsfunktion bei Minderj\u00e4hrigen kann von dem&nbsp;jeweiligen Trainer\/Trainerin nur bei Anwesenheit des Minderj\u00e4hrigen\/Minderj\u00e4hriger erfolgen&nbsp;und erstreckt sich ausschlie\u00dflich auf die Dauer der Trainingseinheit, nicht auf den Weg zum oder&nbsp;vom Training.<\/li>\n<li>Fotos\/Videos die vom Antragsteller\/Antragstellerin bei Meisterschaften, Trainings usw. gemacht&nbsp;wurden, d\u00fcrfen f\u00fcr Werbung (HP, Plakate, Folder\u2026) auch nach Beendigung des Vertrags&nbsp;verwendet werden.<\/li>\n<li>Der gegenst\u00e4ndliche Vertrag ist nicht \u00fcbertragbar, Anschrift- und\/oder Namens\u00e4nderungen sind&nbsp;dem Karateclub unverz\u00fcglich bekannt zu geben.<\/li>\n<li>Ich stimme zu, dass meine pers\u00f6nlichen Daten vom Verein EDV-unterst\u00fctzt gespeichert und&nbsp;verarbeitet, sowie nur f\u00fcr verbandsinterne Zwecke auch an den Landesverband und dem \u00d6KB&nbsp;als \u00f6sterreichischen Fachverband f\u00fcr Karate weitergegeben werden.<\/li>\n<li>Gerichtsstand und Erf\u00fcllungsort ist Traun.<\/li>\n<li>Mitgliedsbeitr\u00e4ge und Geb\u00fchren in Euro.<\/li>\n<\/ol>\n<table style=\"height: 117px;\" width=\"544\">\n<tbody>\n<tr>\n<td width=\"145\"><strong>Beitr\u00e4ge<\/strong><\/td>\n<td style=\"text-align: center;\" width=\"80\"><strong>Minitiger<\/strong><\/td>\n<td style=\"text-align: center;\" width=\"80\"><strong>bis 15 Jahre<\/strong><\/td>\n<td style=\"text-align: center;\" width=\"80\"><strong>ab 15 Jahre<\/strong><\/td>\n<td style=\"text-align: center;\" width=\"92\"><strong>Generation 60+<\/strong><\/td>\n<\/tr>\n<tr>\n<td><strong>3 Monate Grundkurs<\/strong><\/td>\n<td>&nbsp;<\/td>\n<td style=\"text-align: center;\">100,-<\/td>\n<td style=\"text-align: center;\">110,-<\/td>\n<td style=\"text-align: center;\">&nbsp;<\/td>\n<\/tr>\n<tr>\n<td><strong>6 Monate<\/strong><\/td>\n<td style=\"text-align: center;\">70,-<\/td>\n<td style=\"text-align: center;\">120,-<\/td>\n<td style=\"text-align: center;\">170,-<\/td>\n<td style=\"text-align: center;\">120,-<\/td>\n<\/tr>\n<tr>\n<td><strong>12 Monate<\/strong><\/td>\n<td style=\"text-align: center;\">110,-<\/td>\n<td style=\"text-align: center;\">200,-<\/td>\n<td style=\"text-align: center;\">290,-<\/td>\n<td style=\"text-align: center;\">190,-<\/td>\n<\/tr>\n<\/tbody>\n<\/table>\n<p>F\u00fcr unterst\u00fctzende Mitglieder (f\u00fcr Freunde, Eltern und Bekannte) bieten wir an, die Karate Aktivit\u00e4ten mit 65,- im Jahr zu unterst\u00fctzen.<\/p>\n<p>ASK\u00d6 Neuhofen\/Kr.<br \/>\nIBAN: AT61 3421 4000 0015 3106<\/p>\n<p>&nbsp;<\/p>\n","protected":false},"excerpt":{"rendered":"<p>Vertragsbedingungen &nbsp; Der Antragsteller\/die Antragstellerin erkl\u00e4rt gesundheitlich und k\u00f6rperlich in der Lage zu sein, den von ihm\/ihr gew\u00e4hlten Sport auszu\u00fcben. Eine j\u00e4hrliche \u00e4rztliche Best\u00e4tigung ist erforderlich.&nbsp;Der ASK\u00d6 Karate Sei Bu Kan Neuhofen und die als Trainer beauftragten Personen \u00fcbernehmen&nbsp;f\u00fcr Verletzungen oder Gesundheitssch\u00e4den keinerlei Haftung. Der Antragsteller\/die Antragstellerin kann zu den von der Sektionsleitung festgelegten&nbsp;Trainingszeiten die [&hellip;]<\/p>\n","protected":false},"author":3,"featured_media":0,"parent":4,"menu_order":3,"comment_status":"closed","ping_status":"closed","template":"","meta":{"ngg_post_thumbnail":0},"_links":{"self":[{"href":"http:\/\/www.karate-neuhofen.at\/index.php?rest_route=\/wp\/v2\/pages\/698"}],"collection":[{"href":"http:\/\/www.karate-neuhofen.at\/index.php?rest_route=\/wp\/v2\/pages"}],"about":[{"href":"http:\/\/www.karate-neuhofen.at\/index.php?rest_route=\/wp\/v2\/types\/page"}],"author":[{"embeddable":true,"href":"http:\/\/www.karate-neuhofen.at\/index.php?rest_route=\/wp\/v2\/users\/3"}],"replies":[{"embeddable":true,"href":"http:\/\/www.karate-neuhofen.at\/index.php?rest_route=%2Fwp%2Fv2%2Fcomments&post=698"}],"version-history":[{"count":64,"href":"http:\/\/www.karate-neuhofen.at\/index.php?rest_route=\/wp\/v2\/pages\/698\/revisions"}],"predecessor-version":[{"id":1597809,"href":"http:\/\/www.karate-neuhofen.at\/index.php?rest_route=\/wp\/v2\/pages\/698\/revisions\/1597809"}],"up":[{"embeddable":true,"href":"http:\/\/www.karate-neuhofen.at\/index.php?rest_route=\/wp\/v2\/pages\/4"}],"wp:attachment":[{"href":"http:\/\/www.karate-neuhofen.at\/index.php?rest_route=%2Fwp%2Fv2%2Fmedia&parent=698"}],"curies":[{"name":"wp","href":"https:\/\/api.w.org\/{rel}","templated":true}]}}